{"id":25,"date":"2014-08-17T18:10:56","date_gmt":"2014-08-17T16:10:56","guid":{"rendered":"http:\/\/blog.kgyt.eu\/hu\/?page_id=25"},"modified":"2014-08-23T01:51:14","modified_gmt":"2014-08-22T23:51:14","slug":"hitem","status":"publish","type":"page","link":"https:\/\/blog.kgyt.eu\/hu\/rolam\/hitem\/","title":{"rendered":"Hitem"},"content":{"rendered":"<p><\/p>\n<h3>Meggy\u0151z\u0151d\u00e9sem<\/h3>\n<p><a href=\"http:\/\/blog.kgyt.eu\/hu\/rolam\/hitem\/baptizmus\/\" title=\"Kik a baptist\u00e1k?\">Baptista vagyok.<\/a> Ez nem az egyed\u00fcl \u00fcdv\u00f6z\u00edt\u0151 egyh\u00e1z, de \u00e9n itt <a href=\"http:\/\/blog.kgyt.eu\/hu\/rolam\/hitem\/bizonysagtetel\/\" title=\"Bizonys\u00e1gt\u00e9tel\">tal\u00e1lkoztam<\/a> J\u00e9zus Krisztussal \u00e9s <a href=\"http:\/\/blog.kgyt.eu\/hu\/rolam\/hitem\/hitvallas\/\" title=\"Hitvall\u00e1sok\">hitvall\u00e1som is a baptista k\u00f6z\u00f6ss\u00e9g\u00e9vel van legink\u00e1bb harm\u00f3ni\u00e1ban<\/a>. Sokszor megl\u00e1togatom m\u00e1s gy\u00fclekezetek istentiszteleti alkalmait is.<br \/>\nNyitott vagyok, de nem mindennel \u00e9rtek egyet. Nem akarok meggy\u0151zni hit k\u00e9rd\u00e9s\u00e9ben senkit, azonban akit \u00e9rdekel az \u00e9n n\u00e9zetem, annak sz\u00edvesen besz\u00e9lek r\u00f3la.<\/p>\n<p>Hiszek a <a href=\"http:\/\/blog.kgyt.eu\/hu\/rolam\/hitem\/biblia\/\" title=\"Biblia\">Biblia<\/a> igazs\u00e1g\u00e1ban.<\/p>\n<h3>H\u00e1tterem<\/h3>\n<p>Vegyes <a href=\"http:\/\/blog.kgyt.eu\/hu\/rolam\/hitem\/zsido-szarmazasom\/\" title=\"Zsid\u00f3 sz\u00e1rmaz\u00e1som\">zsid\u00f3<\/a>\u2013kereszt\u00e9ny gy\u00f6kerekkel rendelkezem. Gyermekkoromban nem vall\u00e1sos nevel\u00e9st kaptam, mert sz\u00fcleim nem voltak gyakorl\u00f3 h\u00edv\u0151k. \u00c9desap\u00e1m \u00e9s \u00e9desany\u00e1m gondolkod\u00f3 \u00e9s \u00e9rdekl\u0151d\u0151 szem\u00e9lyis\u00e9ge azonban nagy hat\u00e1ssal volt r\u00e1m. Tizen\u00e9vesen a rom\u00e1niai forradalom hat\u00e1s\u00e1ra elkezdtem gondolkodni a vil\u00e1g nagy dolgain. \u00c9vek alatt r\u00e1j\u00f6ttem, ebben a vil\u00e1gban nem \u00e9rdemes, vagy nem lehet \u00e9lni, mert az ember egyed\u00fcl van. Meg kellett teremtenem azt az \u00e9rt\u00e9krendet \u00e9s vil\u00e1gl\u00e1t\u00e1st, amely alapj\u00e1n megtal\u00e1lom a helyemet. Majdnem t\u00edz \u00e9v keres\u00e9s ut\u00e1n d\u00f6nt\u00f6ttem. A budapesti Nap utc\u00e1ban lettem baptist\u00e1v\u00e1 1998 p\u00fcnk\u00f6sdj\u00e9n, ahol baptista szok\u00e1s szerint, k\u00e9r\u00e9semre teljes al\u00e1mer\u00edt\u00e9ssel megkeresztelt akkori lelkip\u00e1sztorom, R\u00e9v\u00e9sz \u00c1rp\u00e1d.<\/p>\n<h3>K\u00f6z\u00f6ss\u00e9gem<\/h3>\n<p>Londoni tart\u00f3zkod\u00e1som sor\u00e1n a <a href=\"http:\/\/www.chadbaptist.org\/\">Chadwell Heath Baptist Church (CHBC)<\/a> szolg\u00e1lt lelki otthonomul. \u00d6r\u00f6m volt megbizonyosodni arr\u00f3l, hogy Isten n\u00e9pe val\u00f3ban nemzetk\u00f6zi \u00e9s hat\u00e1rok n\u00e9lk\u00fcli. Mi\u00f3ta hazaj\u00f6ttem, m\u00e9g nem tal\u00e1ltam meg a k\u00f6z\u00f6ss\u00e9gem, de felcsillant a rem\u00e9ny, hogy a <a href=\"http:\/\/www.baptista.hu\/cinkota\/\">cinkotai baptista gy\u00fclekezet<\/a> lehet az. Jelenleg nem rendezett a tags\u00e1gom, \u00edgy \u00farvacsor\u00e1t sem veszek.<br \/>\n<\/p>","protected":false},"excerpt":{"rendered":"<p>Meggy\u0151z\u0151d\u00e9sem Baptista vagyok. Ez nem az egyed\u00fcl \u00fcdv\u00f6z\u00edt\u0151 egyh\u00e1z, de \u00e9n itt tal\u00e1lkoztam J\u00e9zus Krisztussal \u00e9s hitvall\u00e1som is a baptista k\u00f6z\u00f6ss\u00e9g\u00e9vel van legink\u00e1bb harm\u00f3ni\u00e1ban. Sokszor megl\u00e1togatom m\u00e1s gy\u00fclekezetek istentiszteleti alkalmait is. Nyitott vagyok, de nem mindennel \u00e9rtek egyet. Nem akarok meggy\u0151zni hit k\u00e9rd\u00e9s\u00e9ben senkit, azonban akit \u00e9rdekel az \u00e9n n\u00e9zetem, annak sz\u00edvesen besz\u00e9lek r\u00f3la. Hiszek [&hellip;]<\/p>\n","protected":false},"author":1,"featured_media":0,"parent":19,"menu_order":0,"comment_status":"open","ping_status":"open","template":"","meta":{"jetpack_post_was_ever_published":false,"footnotes":""},"jetpack_sharing_enabled":true,"jetpack_shortlink":"https:\/\/wp.me\/P7l1Cy-p","_links":{"self":[{"href":"https:\/\/blog.kgyt.eu\/hu\/wp-json\/wp\/v2\/pages\/25"}],"collection":[{"href":"https:\/\/blog.kgyt.eu\/hu\/wp-json\/wp\/v2\/pages"}],"about":[{"href":"https:\/\/blog.kgyt.eu\/hu\/wp-json\/wp\/v2\/types\/page"}],"author":[{"embeddable":true,"href":"https:\/\/blog.kgyt.eu\/hu\/wp-json\/wp\/v2\/users\/1"}],"replies":[{"embeddable":true,"href":"https:\/\/blog.kgyt.eu\/hu\/wp-json\/wp\/v2\/comments?post=25"}],"version-history":[{"count":7,"href":"https:\/\/blog.kgyt.eu\/hu\/wp-json\/wp\/v2\/pages\/25\/revisions"}],"predecessor-version":[{"id":347,"href":"https:\/\/blog.kgyt.eu\/hu\/wp-json\/wp\/v2\/pages\/25\/revisions\/347"}],"up":[{"embeddable":true,"href":"https:\/\/blog.kgyt.eu\/hu\/wp-json\/wp\/v2\/pages\/19"}],"wp:attachment":[{"href":"https:\/\/blog.kgyt.eu\/hu\/wp-json\/wp\/v2\/media?parent=25"}],"curies":[{"name":"wp","href":"https:\/\/api.w.org\/{rel}","templated":true}]}}