{"id":345,"date":"2014-08-23T01:50:10","date_gmt":"2014-08-22T23:50:10","guid":{"rendered":"http:\/\/blog.kgyt.eu\/hu\/?page_id=345"},"modified":"2014-08-23T02:39:54","modified_gmt":"2014-08-23T00:39:54","slug":"zsido-szarmazasom","status":"publish","type":"page","link":"https:\/\/blog.kgyt.eu\/hu\/rolam\/hitem\/zsido-szarmazasom\/","title":{"rendered":"Zsid\u00f3 sz\u00e1rmaz\u00e1som"},"content":{"rendered":"<p>Apai \u00e9s anyai \u00e1gon is r\u00e9szben zsid\u00f3 vagyok. Sz\u00fcleim nem gyakorl\u00f3 izraelita h\u00edv\u0151k. \u00c9desany\u00e1m katolikusnak, \u00e9desap\u00e1m reform\u00e1tusnak lett megkeresztelve, hogy ne legyen probl\u00e9ma, de ett\u0151l m\u00e9g kereszt\u00e9ny h\u00edv\u0151knek sem nevezn\u00e9m \u0151ket. \u0150k am\u00fagy (a maguk m\u00f3dj\u00e1n) h\u00edv\u0151k. Istenben hisznek, \u00e9s kb. ennyi.<\/p>\n<p>Nekem a kamaszkori gy\u00f6k\u00e9rkeres\u00e9skor lett fontos, hogy hova tartozom \u00e9s honnan sz\u00e1rmazom, az\u00f3ta igyekszem a zsid\u00f3 \u00e9s kereszt\u00e9ny hit \u00e9s vall\u00e1s tan\u00edt\u00e1s\u00e1t is alaposan megismerni. Mint ez m\u00e1s \u00edr\u00e1sokb\u00f3l is kider\u00fcl, kereszt\u00e9ny vagyok, de a zsid\u00f3 hagyom\u00e1nyokat ennek ellen\u00e9re (vagy \u00e9ppen ez\u00e9rt) mindenk\u00e9ppen megismer\u00e9sre m\u00e9lt\u00f3nak \u00e9s fontos \u00f6r\u00f6ks\u00e9gnek gondolom.<\/p>\n<p>N\u00e9h\u00e1ny zsid\u00f3 \u00fcnnepr\u0151l \u00e9s szok\u00e1sr\u00f3l itt is megosztom a tud\u00e1somat, h\u00e1tha valakinek j\u00f3l j\u00f6n az inform\u00e1ci\u00f3.<\/p>\n<p><a href=\"http:\/\/blog.kgyt.eu\/hu\/rolam\/hitem\/zsido-szarmazasom\/peszah\/\" title=\"P\u00e9szah\">P\u00e9szah<\/a> \u2013 <a href=\"http:\/\/blog.kgyt.eu\/hu\/rolam\/hitem\/zsido-szarmazasom\/omerszamlalas\/\" title=\"\u00d3mersz\u00e1ml\u00e1l\u00e1s\">\u00d3mersz\u00e1ml\u00e1l\u00e1s<\/a> \u2013 <a href=\"http:\/\/blog.kgyt.eu\/hu\/rolam\/hitem\/zsido-szarmazasom\/savuot\/\" title=\"S\u00e1vu\u00f3t\">S\u00e1vu\u00f3t<\/a><\/p>\n<p>(Ezeket a cikkeket jobb\u00e1ra a Wikip\u00e9di\u00e1ra \u00edrtam.)<\/p>","protected":false},"excerpt":{"rendered":"<p>Apai \u00e9s anyai \u00e1gon is r\u00e9szben zsid\u00f3 vagyok. Sz\u00fcleim nem gyakorl\u00f3 izraelita h\u00edv\u0151k. \u00c9desany\u00e1m katolikusnak, \u00e9desap\u00e1m reform\u00e1tusnak lett megkeresztelve, hogy ne legyen probl\u00e9ma, de ett\u0151l m\u00e9g kereszt\u00e9ny h\u00edv\u0151knek sem nevezn\u00e9m \u0151ket. \u0150k am\u00fagy (a maguk m\u00f3dj\u00e1n) h\u00edv\u0151k. Istenben hisznek, \u00e9s kb. ennyi. Nekem a kamaszkori gy\u00f6k\u00e9rkeres\u00e9skor lett fontos, hogy hova tartozom \u00e9s honnan sz\u00e1rmazom, az\u00f3ta [&hellip;]<\/p>\n","protected":false},"author":1,"featured_media":0,"parent":25,"menu_order":0,"comment_status":"open","ping_status":"open","template":"","meta":{"jetpack_post_was_ever_published":false,"footnotes":""},"jetpack_sharing_enabled":true,"jetpack_shortlink":"https:\/\/wp.me\/P7l1Cy-5z","_links":{"self":[{"href":"https:\/\/blog.kgyt.eu\/hu\/wp-json\/wp\/v2\/pages\/345"}],"collection":[{"href":"https:\/\/blog.kgyt.eu\/hu\/wp-json\/wp\/v2\/pages"}],"about":[{"href":"https:\/\/blog.kgyt.eu\/hu\/wp-json\/wp\/v2\/types\/page"}],"author":[{"embeddable":true,"href":"https:\/\/blog.kgyt.eu\/hu\/wp-json\/wp\/v2\/users\/1"}],"replies":[{"embeddable":true,"href":"https:\/\/blog.kgyt.eu\/hu\/wp-json\/wp\/v2\/comments?post=345"}],"version-history":[{"count":4,"href":"https:\/\/blog.kgyt.eu\/hu\/wp-json\/wp\/v2\/pages\/345\/revisions"}],"predecessor-version":[{"id":357,"href":"https:\/\/blog.kgyt.eu\/hu\/wp-json\/wp\/v2\/pages\/345\/revisions\/357"}],"up":[{"embeddable":true,"href":"https:\/\/blog.kgyt.eu\/hu\/wp-json\/wp\/v2\/pages\/25"}],"wp:attachment":[{"href":"https:\/\/blog.kgyt.eu\/hu\/wp-json\/wp\/v2\/media?parent=345"}],"curies":[{"name":"wp","href":"https:\/\/api.w.org\/{rel}","templated":true}]}}